{"id":134,"date":"2020-04-01T15:25:53","date_gmt":"2020-04-01T13:25:53","guid":{"rendered":"http:\/\/norrea.dk\/friskole\/?page_id=134"},"modified":"2026-01-10T17:58:56","modified_gmt":"2026-01-10T16:58:56","slug":"personale-friskole","status":"publish","type":"page","link":"https:\/\/norrea.dk\/friskole\/personale-friskole\/","title":{"rendered":"Personale Friskole"},"content":{"rendered":"\t\t<div data-elementor-type=\"wp-page\" data-elementor-id=\"134\" class=\"elementor elementor-134\">\n\t\t\t\t\t\t<section class=\"elementor-section elementor-top-section elementor-element elementor-element-22b7a6e6 elementor-section-content-middle elementor-section-boxed elementor-section-height-default elementor-section-height-default\" data-id=\"22b7a6e6\" data-element_type=\"section\" data-e-type=\"section\">\n\t\t\t\t\t\t<div class=\"elementor-container elementor-column-gap-no\">\n\t\t\t\t\t<div class=\"aux-parallax-section elementor-column elementor-col-100 elementor-top-column elementor-element elementor-element-72ebe423\" data-id=\"72ebe423\" data-element_type=\"column\" data-e-type=\"column\">\n\t\t\t<div class=\"elementor-widget-wrap elementor-element-populated\">\n\t\t\t\t\t\t<div class=\"elementor-element elementor-element-4142e720 elementor-widget elementor-widget-heading\" data-id=\"4142e720\" data-element_type=\"widget\" data-e-type=\"widget\" data-widget_type=\"heading.default\">\n\t\t\t\t<div class=\"elementor-widget-container\">\n\t\t\t\t\t<h4 class=\"elementor-heading-title elementor-size-default\">Personalet p\u00e5 N\u00f8rre\u00e5 Friskole<\/h4>\t\t\t\t<\/div>\n\t\t\t\t<\/div>\n\t\t\t\t<div class=\"elementor-element elementor-element-3cbb0a37 elementor-widget elementor-widget-text-editor\" data-id=\"3cbb0a37\" data-element_type=\"widget\" data-e-type=\"widget\" data-widget_type=\"text-editor.default\">\n\t\t\t\t<div class=\"elementor-widget-container\">\n\t\t\t\t\t\t\t\t\t<p>P\u00e5 N\u00f8rre\u00e5 Friskole har vi en engageret personalegruppe, der g\u00f8r et stort stykke arbejde for at f\u00e5 dagligdagen til at fungere.<\/p>\t\t\t\t\t\t\t\t<\/div>\n\t\t\t\t<\/div>\n\t\t\t\t<div class=\"elementor-element elementor-element-4699e65 elementor-widget elementor-widget-menu-anchor\" data-id=\"4699e65\" data-element_type=\"widget\" data-e-type=\"widget\" data-widget_type=\"menu-anchor.default\">\n\t\t\t\t<div class=\"elementor-widget-container\">\n\t\t\t\t\t\t\t<div class=\"elementor-menu-anchor\" id=\"Skoleleder\"><\/div>\n\t\t\t\t\t\t<\/div>\n\t\t\t\t<\/div>\n\t\t\t\t<section class=\"elementor-section elementor-inner-section elementor-element elementor-element-152d588b elementor-section-boxed elementor-section-height-default elementor-section-height-default\" data-id=\"152d588b\" data-element_type=\"section\" data-e-type=\"section\">\n\t\t\t\t\t\t<div class=\"elementor-container elementor-column-gap-default\">\n\t\t\t\t\t<div class=\"aux-parallax-section elementor-column elementor-col-50 elementor-inner-column elementor-element elementor-element-3c9633a1\" data-id=\"3c9633a1\" data-element_type=\"column\" data-e-type=\"column\">\n\t\t\t<div class=\"elementor-widget-wrap elementor-element-populated\">\n\t\t\t\t\t\t<div class=\"elementor-element elementor-element-e23c2e8 elementor-position-top elementor-widget elementor-widget-image-box\" data-id=\"e23c2e8\" data-element_type=\"widget\" data-e-type=\"widget\" data-widget_type=\"image-box.default\">\n\t\t\t\t<div class=\"elementor-widget-container\">\n\t\t\t\t\t<div class=\"elementor-image-box-wrapper\"><figure class=\"elementor-image-box-img\"><img fetchpriority=\"high\" decoding=\"async\" width=\"709\" height=\"886\" src=\"https:\/\/norrea.dk\/friskole\/wp-content\/uploads\/sites\/2\/2020\/10\/Corinna-Breitzke.jpg\" class=\"elementor-animation-grow attachment-full size-full wp-image-392\" alt=\"\" \/><\/figure><div class=\"elementor-image-box-content\"><h3 class=\"elementor-image-box-title\">Corinna Breitzke<\/h3><p class=\"elementor-image-box-description\">Skoleleder<\/p><\/div><\/div>\t\t\t\t<\/div>\n\t\t\t\t<\/div>\n\t\t\t\t<div class=\"elementor-element elementor-element-a4c4cb8 elementor-widget elementor-widget-image\" data-id=\"a4c4cb8\" data-element_type=\"widget\" data-e-type=\"widget\" data-widget_type=\"image.default\">\n\t\t\t\t<div class=\"elementor-widget-container\">\n\t\t\t\t\t\t\t\t\t\t\t\t\t\t\t<img decoding=\"async\" width=\"139\" height=\"30\" src=\"https:\/\/norrea.dk\/friskole\/wp-content\/uploads\/sites\/2\/2021\/11\/leder-mail_white.png\" class=\"attachment-large size-large wp-image-476\" alt=\"\" \/>\t\t\t\t\t\t\t\t\t\t\t\t\t\t\t<\/div>\n\t\t\t\t<\/div>\n\t\t\t\t<div class=\"elementor-element elementor-element-4c05327 elementor-widget elementor-widget-text-editor\" data-id=\"4c05327\" data-element_type=\"widget\" data-e-type=\"widget\" data-widget_type=\"text-editor.default\">\n\t\t\t\t<div class=\"elementor-widget-container\">\n\t\t\t\t\t\t\t\t\t<p>Det er en stor gl\u00e6de og \u00e6re for mig at v\u00e6re leder for dette helt unikke sted fyldt af hjerterum, faglighed og be-v\u00e6gelse. Som l\u00e6rer for alle klassetrin har jeg igennem \u00e5rene foruden hovedfagene undervist i mange tv\u00e6rfaglige emner og nyder at v\u00e6re l\u00e6sevejleder og\u00a0 fort\u00e6ller, ligesom jeg har en\u00a0 passion i tyskfaget.\u00a0 I mit daglige virke tager jeg afs\u00e6t i min langvarige p\u00e6dagogiske erfaring med b\u00f8rn med m\u00e5l om at stadf\u00e6ste skolens f\u00e6llesskab i friskolens \u00e5nd og hele menneskesyn. Dette g\u00e6lder store som sm\u00e5, og i samspil med et personale, der br\u00e6nder igennem personligt og fagligt, \u00f8nsker jeg at skabe de bedste rammer for en alsidig og bredspektret undervisning med fodf\u00e6stet i det glade og aktive b\u00f8rneliv. Jeg bor i Bjerringbro sammen med min mand, mine tre drenge og dyr. Familien og sociallivet betyder meget for mig, liges\u00e5 meget elsker jeg de stille\u00a0 g\u00e5ture i skoven.\u00a0 I min fritid engagerer jeg mig gerne i forenings- og kulturlivet og er til tider forfatter af tyske undervisningsmaterialer.<\/p>\t\t\t\t\t\t\t\t<\/div>\n\t\t\t\t<\/div>\n\t\t\t\t\t<\/div>\n\t\t<\/div>\n\t\t\t\t<div class=\"aux-parallax-section elementor-column elementor-col-50 elementor-inner-column elementor-element elementor-element-3ca5c215\" data-id=\"3ca5c215\" data-element_type=\"column\" data-e-type=\"column\">\n\t\t\t<div class=\"elementor-widget-wrap elementor-element-populated\">\n\t\t\t\t\t\t<div class=\"elementor-element elementor-element-132bdf3f elementor-position-top elementor-widget elementor-widget-image-box\" data-id=\"132bdf3f\" data-element_type=\"widget\" data-e-type=\"widget\" data-widget_type=\"image-box.default\">\n\t\t\t\t<div class=\"elementor-widget-container\">\n\t\t\t\t\t<div class=\"elementor-image-box-wrapper\"><figure class=\"elementor-image-box-img\"><img decoding=\"async\" width=\"709\" height=\"886\" src=\"https:\/\/norrea.dk\/friskole\/wp-content\/uploads\/sites\/2\/2020\/10\/Thomas-Heissel.jpg\" class=\"elementor-animation-grow attachment-full size-full wp-image-413\" alt=\"\" \/><\/figure><div class=\"elementor-image-box-content\"><h3 class=\"elementor-image-box-title\">Thomas Heissel Andersen<\/h3><p class=\"elementor-image-box-description\">L\u00e6rer,  p\u00e6dagog og souschef<\/p><\/div><\/div>\t\t\t\t<\/div>\n\t\t\t\t<\/div>\n\t\t\t\t<div class=\"elementor-element elementor-element-5566634f elementor-widget elementor-widget-text-editor\" data-id=\"5566634f\" data-element_type=\"widget\" data-e-type=\"widget\" data-widget_type=\"text-editor.default\">\n\t\t\t\t<div class=\"elementor-widget-container\">\n\t\t\t\t\t\t\t\t\t<p>Jeg er ansat som\u00a0 l\u00e6rer og p\u00e6dagog, b\u00e5de i SFO&#8217;en og p\u00e5 selve skolen.\u00a0<br \/>Det betyder, at jeg prim\u00e6rt er omkring 0. &#8211; 3. kl., dog ogs\u00e5 varetager engelsk p\u00e5 andre klassetrin.<br \/>Derudover er jeg ogs\u00e5 ansat til at varetage musikundervisningen.\u00a0Jeg er bosat i Ulstrup og interesserer mig en hel del for musik, med guitaren som hovedinstrument.<br \/>Jeg er ogs\u00e5 stor tilh\u00e6nger af\u00a0mange forskellige slags sport, deriblandt l\u00f8b, fodbold og ikke mindst basketball, som jeg underviser i, p\u00e5\u00a0vores valgfagshold.<\/p>\t\t\t\t\t\t\t\t<\/div>\n\t\t\t\t<\/div>\n\t\t\t\t\t<\/div>\n\t\t<\/div>\n\t\t\t\t\t<\/div>\n\t\t<\/section>\n\t\t\t\t<section class=\"elementor-section elementor-inner-section elementor-element elementor-element-879d4cc elementor-section-boxed elementor-section-height-default elementor-section-height-default\" data-id=\"879d4cc\" data-element_type=\"section\" data-e-type=\"section\">\n\t\t\t\t\t\t<div class=\"elementor-container elementor-column-gap-default\">\n\t\t\t\t\t<div class=\"aux-parallax-section elementor-column elementor-col-50 elementor-inner-column elementor-element elementor-element-a3fc35d\" data-id=\"a3fc35d\" data-element_type=\"column\" data-e-type=\"column\">\n\t\t\t<div class=\"elementor-widget-wrap elementor-element-populated\">\n\t\t\t\t\t\t<div class=\"elementor-element elementor-element-45ea5cc elementor-position-top elementor-widget elementor-widget-image-box\" data-id=\"45ea5cc\" data-element_type=\"widget\" data-e-type=\"widget\" data-widget_type=\"image-box.default\">\n\t\t\t\t<div class=\"elementor-widget-container\">\n\t\t\t\t\t<div class=\"elementor-image-box-wrapper\"><figure class=\"elementor-image-box-img\"><img loading=\"lazy\" decoding=\"async\" width=\"336\" height=\"448\" src=\"https:\/\/norrea.dk\/friskole\/wp-content\/uploads\/sites\/2\/2020\/04\/Rene_Larsen.jpg\" class=\"elementor-animation-grow attachment-full size-full wp-image-140\" alt=\"\" \/><\/figure><div class=\"elementor-image-box-content\"><h3 class=\"elementor-image-box-title\">Ren\u00e9 Vesterborg Larsen<\/h3><p class=\"elementor-image-box-description\">L\u00e6rer<\/p><\/div><\/div>\t\t\t\t<\/div>\n\t\t\t\t<\/div>\n\t\t\t\t<div class=\"elementor-element elementor-element-542ff36 elementor-widget elementor-widget-text-editor\" data-id=\"542ff36\" data-element_type=\"widget\" data-e-type=\"widget\" data-widget_type=\"text-editor.default\">\n\t\t\t\t<div class=\"elementor-widget-container\">\n\t\t\t\t\t\t\t\t\t<p>Siden 2009 har jeg undervist p\u00e5 N\u00f8rre\u00e5 Friskole, jeg har prim\u00e6rt haft de \u00e6ldste elever, men har gennem \u00e5rene haft alle \u00e5rgange. Jeg underviser i matematik, idr\u00e6t, valgfag, historie, geografi og har ogs\u00e5 nogle st\u00f8ttetimer. Mine personlige undervisningsv\u00e6rdier er \u201cmotivation, gl\u00e6de og tryghed\u201d, som jeg mener giver den bedste l\u00e6ring og dermed en h\u00f8j faglighed. Jeg bor i Silkeborg sammen med min sk\u00f8nne kone Maibrit og vores dejlige piger Isabella og Viktoria. Vores fritid bruger vi meget i naturen, hvor vi blandt andet s\u00e6tter stor pris p\u00e5 skiture, ture i skoven og kajakroning. B\u00e5de min kone og jeg er tidligere landsholds-kajakroere. Min fritid bliver ogs\u00e5 brugt som tr\u00e6ner i kajakklubben og den lokale fodboldklub.<\/p>\t\t\t\t\t\t\t\t<\/div>\n\t\t\t\t<\/div>\n\t\t\t\t\t<\/div>\n\t\t<\/div>\n\t\t\t\t<div class=\"aux-parallax-section elementor-column elementor-col-50 elementor-inner-column elementor-element elementor-element-038823b\" data-id=\"038823b\" data-element_type=\"column\" data-e-type=\"column\">\n\t\t\t<div class=\"elementor-widget-wrap elementor-element-populated\">\n\t\t\t\t\t\t<div class=\"elementor-element elementor-element-09977eb elementor-position-top elementor-widget elementor-widget-image-box\" data-id=\"09977eb\" data-element_type=\"widget\" data-e-type=\"widget\" data-widget_type=\"image-box.default\">\n\t\t\t\t<div class=\"elementor-widget-container\">\n\t\t\t\t\t<div class=\"elementor-image-box-wrapper\"><figure class=\"elementor-image-box-img\"><img loading=\"lazy\" decoding=\"async\" width=\"709\" height=\"886\" src=\"https:\/\/norrea.dk\/friskole\/wp-content\/uploads\/sites\/2\/2023\/06\/Helle-Friis.jpg\" class=\"elementor-animation-grow attachment-full size-full wp-image-584\" alt=\"\" \/><\/figure><div class=\"elementor-image-box-content\"><h3 class=\"elementor-image-box-title\">Helle Friis Jensen<\/h3><p class=\"elementor-image-box-description\">L\u00e6rer<\/p><\/div><\/div>\t\t\t\t<\/div>\n\t\t\t\t<\/div>\n\t\t\t\t\t<\/div>\n\t\t<\/div>\n\t\t\t\t\t<\/div>\n\t\t<\/section>\n\t\t\t\t<section class=\"elementor-section elementor-inner-section elementor-element elementor-element-c2aade6 elementor-section-boxed elementor-section-height-default elementor-section-height-default\" data-id=\"c2aade6\" data-element_type=\"section\" data-e-type=\"section\">\n\t\t\t\t\t\t<div class=\"elementor-container elementor-column-gap-default\">\n\t\t\t\t\t<div class=\"aux-parallax-section elementor-column elementor-col-50 elementor-inner-column elementor-element elementor-element-1daab48\" data-id=\"1daab48\" data-element_type=\"column\" data-e-type=\"column\">\n\t\t\t<div class=\"elementor-widget-wrap elementor-element-populated\">\n\t\t\t\t\t\t<div class=\"elementor-element elementor-element-1ac97f8 elementor-position-top elementor-widget elementor-widget-image-box\" data-id=\"1ac97f8\" data-element_type=\"widget\" data-e-type=\"widget\" data-widget_type=\"image-box.default\">\n\t\t\t\t<div class=\"elementor-widget-container\">\n\t\t\t\t\t<div class=\"elementor-image-box-wrapper\"><figure class=\"elementor-image-box-img\"><img loading=\"lazy\" decoding=\"async\" width=\"709\" height=\"886\" src=\"https:\/\/norrea.dk\/friskole\/wp-content\/uploads\/sites\/2\/2020\/10\/Else-Salling-Falck.jpg\" class=\"elementor-animation-grow attachment-full size-full wp-image-395\" alt=\"\" \/><\/figure><div class=\"elementor-image-box-content\"><h3 class=\"elementor-image-box-title\">Else Salling Falck<\/h3><p class=\"elementor-image-box-description\">L\u00e6rer \/ SFO<\/p><\/div><\/div>\t\t\t\t<\/div>\n\t\t\t\t<\/div>\n\t\t\t\t<div class=\"elementor-element elementor-element-ae96255 elementor-widget elementor-widget-text-editor\" data-id=\"ae96255\" data-element_type=\"widget\" data-e-type=\"widget\" data-widget_type=\"text-editor.default\">\n\t\t\t\t<div class=\"elementor-widget-container\">\n\t\t\t\t\t\t\t\t\t<p>Her p\u00e5 N\u00f8rre\u00e5 Friskole h\u00f8rer jeg til b\u00e5de i skole og i SFO. P\u00e5 skolen fungerer jeg p\u00e5 baggrund af min uddannelse som kunsth\u00e5ndv\u00e6rker overvejende som billedkunstl\u00e6rer. Det kreative f\u00f8lger selvf\u00f8lgelig ogs\u00e5 med i SFO-delen, hvor b\u00f8rnene har mulighed for at udfolde sig frit i v\u00e6rkstedet. I vinterhalv\u00e5ret er jeg ogs\u00e5 en del af ungdomsskolen med et kunsthold.<br \/>Jeg underviser ogs\u00e5 en smule p\u00e5 Viborg Billedskole og har p\u00e5 min bop\u00e6l eget keramikv\u00e6rksted. Jeg har siden 1995 boet lidt udenfor Tindb\u00e6k sammen med min mand S\u00f8ren. Sammen har vi 4 piger. Fritiden bruges helst p\u00e5 familie og venner og ture i skoven p\u00e5 mountainbike eller g\u00e5ben.<\/p>\t\t\t\t\t\t\t\t<\/div>\n\t\t\t\t<\/div>\n\t\t\t\t\t<\/div>\n\t\t<\/div>\n\t\t\t\t<div class=\"aux-parallax-section elementor-column elementor-col-50 elementor-inner-column elementor-element elementor-element-4b27e8c\" data-id=\"4b27e8c\" data-element_type=\"column\" data-e-type=\"column\">\n\t\t\t<div class=\"elementor-widget-wrap elementor-element-populated\">\n\t\t\t\t\t\t<div class=\"elementor-element elementor-element-0532d99 elementor-position-top elementor-widget elementor-widget-image-box\" data-id=\"0532d99\" data-element_type=\"widget\" data-e-type=\"widget\" data-widget_type=\"image-box.default\">\n\t\t\t\t<div class=\"elementor-widget-container\">\n\t\t\t\t\t<div class=\"elementor-image-box-wrapper\"><figure class=\"elementor-image-box-img\"><img loading=\"lazy\" decoding=\"async\" width=\"709\" height=\"886\" src=\"https:\/\/norrea.dk\/friskole\/wp-content\/uploads\/sites\/2\/2020\/10\/Gitte-Oestergaard.jpg\" class=\"elementor-animation-grow attachment-full size-full wp-image-396\" alt=\"\" \/><\/figure><div class=\"elementor-image-box-content\"><h3 class=\"elementor-image-box-title\">Gitte \u00d8stergaard<\/h3><p class=\"elementor-image-box-description\">L\u00e6rer<\/p><\/div><\/div>\t\t\t\t<\/div>\n\t\t\t\t<\/div>\n\t\t\t\t<div class=\"elementor-element elementor-element-7c52146 elementor-widget elementor-widget-text-editor\" data-id=\"7c52146\" data-element_type=\"widget\" data-e-type=\"widget\" data-widget_type=\"text-editor.default\">\n\t\t\t\t<div class=\"elementor-widget-container\">\n\t\t\t\t\t\t\t\t\t<p>Jeg er klassel\u00e6rer for indskolingen. Jeg synes, at det vigtigste i b\u00f8rns skolegang er, at de f\u00f8ler sig trygge. En vigtig byggesten for at indl\u00e6ring kan finde sted. Elsker at undervise i de sm\u00e5 klasser \u2013 give dem en god start p\u00e5 skolelivet. Derudover br\u00e6nder jeg for bev\u00e6gelse b\u00e5de i undervisningen, idr\u00e6t og morgenmotion.<br \/>Privat bor jeg sammen med Heinrich. Vi har sammen 3 voksne b\u00f8rn og 2 b\u00f8rneb\u00f8rn.\u00a0 I min fritid g\u00e5r jeg ture i Ulstrups sk\u00f8nne natur. Dyrker h\u00e5ndbold og er aktiv i foreningslivet.<\/p>\t\t\t\t\t\t\t\t<\/div>\n\t\t\t\t<\/div>\n\t\t\t\t\t<\/div>\n\t\t<\/div>\n\t\t\t\t\t<\/div>\n\t\t<\/section>\n\t\t\t\t<section class=\"elementor-section elementor-inner-section elementor-element elementor-element-77976c8 elementor-section-boxed elementor-section-height-default elementor-section-height-default\" data-id=\"77976c8\" data-element_type=\"section\" data-e-type=\"section\">\n\t\t\t\t\t\t<div class=\"elementor-container elementor-column-gap-default\">\n\t\t\t\t\t<div class=\"aux-parallax-section elementor-column elementor-col-50 elementor-inner-column elementor-element elementor-element-6ff9578\" data-id=\"6ff9578\" data-element_type=\"column\" data-e-type=\"column\">\n\t\t\t<div class=\"elementor-widget-wrap elementor-element-populated\">\n\t\t\t\t\t\t<div class=\"elementor-element elementor-element-e6b36df elementor-position-top elementor-widget elementor-widget-image-box\" data-id=\"e6b36df\" data-element_type=\"widget\" data-e-type=\"widget\" data-widget_type=\"image-box.default\">\n\t\t\t\t<div class=\"elementor-widget-container\">\n\t\t\t\t\t<div class=\"elementor-image-box-wrapper\"><figure class=\"elementor-image-box-img\"><img loading=\"lazy\" decoding=\"async\" width=\"709\" height=\"886\" src=\"https:\/\/norrea.dk\/friskole\/wp-content\/uploads\/sites\/2\/2020\/10\/Birgitte.jpg\" class=\"elementor-animation-grow attachment-full size-full wp-image-389\" alt=\"\" \/><\/figure><div class=\"elementor-image-box-content\"><h3 class=\"elementor-image-box-title\">Birgitte Danielsen<\/h3><p class=\"elementor-image-box-description\">L\u00e6rer<\/p><\/div><\/div>\t\t\t\t<\/div>\n\t\t\t\t<\/div>\n\t\t\t\t\t<\/div>\n\t\t<\/div>\n\t\t\t\t<div class=\"aux-parallax-section elementor-column elementor-col-50 elementor-inner-column elementor-element elementor-element-6c67aae\" data-id=\"6c67aae\" data-element_type=\"column\" data-e-type=\"column\">\n\t\t\t<div class=\"elementor-widget-wrap elementor-element-populated\">\n\t\t\t\t\t\t<div class=\"elementor-element elementor-element-6dd7d04 elementor-position-top elementor-widget elementor-widget-image-box\" data-id=\"6dd7d04\" data-element_type=\"widget\" data-e-type=\"widget\" data-widget_type=\"image-box.default\">\n\t\t\t\t<div class=\"elementor-widget-container\">\n\t\t\t\t\t<div class=\"elementor-image-box-wrapper\"><figure class=\"elementor-image-box-img\"><img loading=\"lazy\" decoding=\"async\" width=\"709\" height=\"886\" src=\"https:\/\/norrea.dk\/friskole\/wp-content\/uploads\/sites\/2\/2020\/10\/Mikael.jpg\" class=\"elementor-animation-grow attachment-full size-full wp-image-404\" alt=\"\" \/><\/figure><div class=\"elementor-image-box-content\"><h3 class=\"elementor-image-box-title\">Mikael Bech Kristensen<\/h3><p class=\"elementor-image-box-description\">L\u00e6rer<\/p><\/div><\/div>\t\t\t\t<\/div>\n\t\t\t\t<\/div>\n\t\t\t\t<div class=\"elementor-element elementor-element-a8dcdb5 elementor-widget elementor-widget-text-editor\" data-id=\"a8dcdb5\" data-element_type=\"widget\" data-e-type=\"widget\" data-widget_type=\"text-editor.default\">\n\t\t\t\t<div class=\"elementor-widget-container\">\n\t\t\t\t\t\t\t\t\t<p>Siden marts 2020 har jeg undervist p\u00e5 N\u00f8rre\u00e5 Friskole &#8211; et skift jeg ALDRIG har fortrudt! Skolens \u00e5nd og det altid n\u00e6rv\u00e6rende hjerterum spreder sig konstant som ringe i vandet og er livgivende for alle p\u00e5 stedet!<\/p><p>Jeg ELSKER at undervise! Mine styrker er h\u00f8jt hum\u00f8r, energi og engagement, som jeg dagligt s\u00f8ger at bruge til styrkelse af vores elevers livsduelighed. Tillid anser jeg for at v\u00e6re det egentlige fundament i enhver l\u00e6ringssituation og nyder hver gang denne kommer til udtryk i gyldne \u00f8jeblikke, hvor eleven vover fodf\u00e6stet for en stund og herefter kommer klogere, modigere og dygtigere videre p\u00e5 sin livsf\u00e6rd.<\/p><p>Mine liniefag er idr\u00e6t- herunder sv\u00f8mning, engelsk, dansk, musik og sl\u00f8jd.<\/p><p>Den f\u00e6lles opvarmning er en fast integreret del i min idr\u00e6tsundervisning og n\u00e5r jeg har bev\u00e6gelse om morgenen. Jeg deltager altid selv med stor iver &#8211; med bev\u00e6gelse (og sang) skabes f\u00e6llesskab og \u00e5nd!<\/p><p>Jeg er bosat i Ulstrup, gift med Majken &amp; \u201cFar til fire\u201d til Lilly (6), Ida (11), Sophia (12) &amp; Sander(16). I min fritid g\u00e5r jeg i fitnesscenter, bruger tid p\u00e5 at renovere vores sommerhus, spiller trommer i et band og skriver lejlighedssange.<\/p>\t\t\t\t\t\t\t\t<\/div>\n\t\t\t\t<\/div>\n\t\t\t\t\t<\/div>\n\t\t<\/div>\n\t\t\t\t\t<\/div>\n\t\t<\/section>\n\t\t\t\t<section class=\"elementor-section elementor-inner-section elementor-element elementor-element-968a9ff elementor-section-boxed elementor-section-height-default elementor-section-height-default\" data-id=\"968a9ff\" data-element_type=\"section\" data-e-type=\"section\">\n\t\t\t\t\t\t<div class=\"elementor-container elementor-column-gap-default\">\n\t\t\t\t\t<div class=\"aux-parallax-section elementor-column elementor-col-50 elementor-inner-column elementor-element elementor-element-ec91a4a\" data-id=\"ec91a4a\" data-element_type=\"column\" data-e-type=\"column\">\n\t\t\t<div class=\"elementor-widget-wrap elementor-element-populated\">\n\t\t\t\t\t\t<div class=\"elementor-element elementor-element-fc5b0f0 elementor-position-top elementor-widget elementor-widget-image-box\" data-id=\"fc5b0f0\" data-element_type=\"widget\" data-e-type=\"widget\" data-widget_type=\"image-box.default\">\n\t\t\t\t<div class=\"elementor-widget-container\">\n\t\t\t\t\t<div class=\"elementor-image-box-wrapper\"><figure class=\"elementor-image-box-img\"><img loading=\"lazy\" decoding=\"async\" width=\"709\" height=\"886\" src=\"https:\/\/norrea.dk\/friskole\/wp-content\/uploads\/sites\/2\/2023\/06\/Regitze-Boevling-Docker-Preisler.jpg\" class=\"elementor-animation-grow attachment-full size-full wp-image-585\" alt=\"\" \/><\/figure><div class=\"elementor-image-box-content\"><h3 class=\"elementor-image-box-title\">Regitze B\u00f8vling Preisler<\/h3><p class=\"elementor-image-box-description\">L\u00e6rer <\/p><\/div><\/div>\t\t\t\t<\/div>\n\t\t\t\t<\/div>\n\t\t\t\t<div class=\"elementor-element elementor-element-29478c7 elementor-widget elementor-widget-text-editor\" data-id=\"29478c7\" data-element_type=\"widget\" data-e-type=\"widget\" data-widget_type=\"text-editor.default\">\n\t\t\t\t<div class=\"elementor-widget-container\">\n\t\t\t\t\t\t\t\t\t<p>Jeg er s\u00e5 heldig at v\u00e6re en af de ansatte p\u00e5 denne sk\u00f8nne skole og undervise nogle dejlige b\u00f8rn. Jeg er uddannet p\u00e6dagog og er ansat her p\u00e5 N\u00f8rre\u00e5 Friskole i et fleksjob. Jeg har 0. og 1. klasse i dansk et par gange om ugen, sammen med Gitte. Det er sk\u00f8nt at se hvordan b\u00f8rnene udvikler sig, l\u00e6re og gror i trygge, positive og omsorgsfulde rammer. Jeg er opvokset i Lee, men bor nu i Vitten ( t\u00e6t p\u00e5 Hinnerup\/ Hadsten) med min mand og s\u00f8n.<\/p>\t\t\t\t\t\t\t\t<\/div>\n\t\t\t\t<\/div>\n\t\t\t\t\t<\/div>\n\t\t<\/div>\n\t\t\t\t<div class=\"aux-parallax-section elementor-column elementor-col-50 elementor-inner-column elementor-element elementor-element-9b3d7cb\" data-id=\"9b3d7cb\" data-element_type=\"column\" data-e-type=\"column\">\n\t\t\t<div class=\"elementor-widget-wrap elementor-element-populated\">\n\t\t\t\t\t\t<div class=\"elementor-element elementor-element-3de30c9 elementor-position-top elementor-widget elementor-widget-image-box\" data-id=\"3de30c9\" data-element_type=\"widget\" data-e-type=\"widget\" data-widget_type=\"image-box.default\">\n\t\t\t\t<div class=\"elementor-widget-container\">\n\t\t\t\t\t<div class=\"elementor-image-box-wrapper\"><figure class=\"elementor-image-box-img\"><img loading=\"lazy\" decoding=\"async\" width=\"709\" height=\"1063\" src=\"https:\/\/norrea.dk\/friskole\/wp-content\/uploads\/sites\/2\/2023\/02\/Anne-Mette-Vaerum.jpg\" class=\"elementor-animation-grow attachment-full size-full wp-image-533\" alt=\"\" \/><\/figure><div class=\"elementor-image-box-content\"><h3 class=\"elementor-image-box-title\">Anne Mette V\u00e6rum<\/h3><p class=\"elementor-image-box-description\">L\u00e6rer<\/p><\/div><\/div>\t\t\t\t<\/div>\n\t\t\t\t<\/div>\n\t\t\t\t<div class=\"elementor-element elementor-element-0e02095 elementor-widget elementor-widget-text-editor\" data-id=\"0e02095\" data-element_type=\"widget\" data-e-type=\"widget\" data-widget_type=\"text-editor.default\">\n\t\t\t\t<div class=\"elementor-widget-container\">\n\t\t\t\t\t\t\t\t\t<p>Jeg startede p\u00e5 skolen oktober 2022 og jeg gl\u00e6der mig hver dag over at v\u00e6re en del af N\u00f8rre\u00e5.\u00a0<\/p><div>Hjerterum og h\u00f8jt til loftet kendetegner hverdagen, og jeg er s\u00e5 heldig at jeg underviser i alle mine linjefag matematik, naturfag, historie og samfundsfag b\u00e5de p\u00e5 mellemtrin og i udskolingen. Jeg \u00f8nsker at skabe undervisning der giver mening for eleverne, forst\u00e5et s\u00e5dan at de gerne skal kunne se. hvad de skal bruge eksempelvis matematikken til i den virkelige verden.<\/div><div>Jeg har en fortid i sygehusv\u00e6senet med godt 20 \u00e5rs erfaring som bioanalytiker, inden jeg besluttede at springe ud i at l\u00e6se til l\u00e6rer.<\/div><div>Jeg bor p\u00e5 landet nord for Hobro med min mand, vores tre drenge og vores Cocker Spaniels. Jeg er aktiv i vores foreningsliv og nyder at m\u00f8des med familie og venner.<\/div>\t\t\t\t\t\t\t\t<\/div>\n\t\t\t\t<\/div>\n\t\t\t\t\t<\/div>\n\t\t<\/div>\n\t\t\t\t\t<\/div>\n\t\t<\/section>\n\t\t\t\t<section class=\"elementor-section elementor-inner-section elementor-element elementor-element-9a0e3c2 elementor-section-boxed elementor-section-height-default elementor-section-height-default\" data-id=\"9a0e3c2\" data-element_type=\"section\" data-e-type=\"section\">\n\t\t\t\t\t\t<div class=\"elementor-container elementor-column-gap-default\">\n\t\t\t\t\t<div class=\"aux-parallax-section elementor-column elementor-col-50 elementor-inner-column elementor-element elementor-element-618ec86\" data-id=\"618ec86\" data-element_type=\"column\" data-e-type=\"column\">\n\t\t\t<div class=\"elementor-widget-wrap elementor-element-populated\">\n\t\t\t\t\t\t<div class=\"elementor-element elementor-element-581a75f elementor-position-top elementor-widget elementor-widget-image-box\" data-id=\"581a75f\" data-element_type=\"widget\" data-e-type=\"widget\" data-widget_type=\"image-box.default\">\n\t\t\t\t<div class=\"elementor-widget-container\">\n\t\t\t\t\t<div class=\"elementor-image-box-wrapper\"><figure class=\"elementor-image-box-img\"><img loading=\"lazy\" decoding=\"async\" width=\"709\" height=\"886\" src=\"https:\/\/norrea.dk\/friskole\/wp-content\/uploads\/sites\/2\/2023\/06\/Christina-Nielsen.jpg\" class=\"elementor-animation-grow attachment-full size-full wp-image-586\" alt=\"\" \/><\/figure><div class=\"elementor-image-box-content\"><h3 class=\"elementor-image-box-title\">Christina Nielsen<\/h3><p class=\"elementor-image-box-description\">L\u00e6rer<\/p><\/div><\/div>\t\t\t\t<\/div>\n\t\t\t\t<\/div>\n\t\t\t\t<div class=\"elementor-element elementor-element-1d7a9e4 elementor-widget elementor-widget-text-editor\" data-id=\"1d7a9e4\" data-element_type=\"widget\" data-e-type=\"widget\" data-widget_type=\"text-editor.default\">\n\t\t\t\t<div class=\"elementor-widget-container\">\n\t\t\t\t\t\t\t\t\t<p dir=\"ltr\">Jeg er klassel\u00e6rer i indskolingen, hvor jeg ogs\u00e5 har st\u00f8rstedelen af mine timer. Jeg har dog erfaring fra alle klassetrin og har prim\u00e6rt undervist i mine linjefag, som er dansk, tysk, biologi og madkundskab. Inden jeg startede p\u00e5 N\u00f8rre\u00e5 Friskole, har jeg arbejdet 12 \u00e5r p\u00e5 en folkeskole. Her har jeg, udover at v\u00e6re l\u00e6rer, varetaget opgaver som motorikvejleder, kollegial vejleder, PLC-medarbejder og fasekoordinator.\u00a0<\/p><p dir=\"ltr\">Jeg nyder at v\u00e6re en del af det f\u00e6llesskab og hjerterum, vi har p\u00e5 N\u00f8rre\u00e5 Friskole. Jeg br\u00e6nder for, at alle b\u00f8rn skal f\u00f8le sig trygge og have mulighed for at blive m\u00f8dt p\u00e5 lige pr\u00e6cis deres faglige niveau. Ydermere bestr\u00e6ber jeg mig p\u00e5 at skabe en tydelig struktur og ikke mindst bev\u00e6gelse i undervisningen.\u00a0<\/p><p dir=\"ltr\">Jeg er bosat i Ulstrup med min k\u00e6reste, mine 3 drenge og mine 4 hunde. Jeg v\u00e6gter familieliv, venskaber og naturoplevelser rigtig h\u00f8jt.\u00a0<\/p>\t\t\t\t\t\t\t\t<\/div>\n\t\t\t\t<\/div>\n\t\t\t\t\t<\/div>\n\t\t<\/div>\n\t\t\t\t<div class=\"aux-parallax-section elementor-column elementor-col-50 elementor-inner-column elementor-element elementor-element-d66b166\" data-id=\"d66b166\" data-element_type=\"column\" data-e-type=\"column\">\n\t\t\t<div class=\"elementor-widget-wrap elementor-element-populated\">\n\t\t\t\t\t\t<div class=\"elementor-element elementor-element-62af458 elementor-position-top elementor-widget elementor-widget-image-box\" data-id=\"62af458\" data-element_type=\"widget\" data-e-type=\"widget\" data-widget_type=\"image-box.default\">\n\t\t\t\t<div class=\"elementor-widget-container\">\n\t\t\t\t\t<div class=\"elementor-image-box-wrapper\"><figure class=\"elementor-image-box-img\"><img loading=\"lazy\" decoding=\"async\" width=\"336\" height=\"448\" src=\"https:\/\/norrea.dk\/friskole\/wp-content\/uploads\/sites\/2\/2020\/11\/Trine_Hjortebjerg.jpg\" class=\"elementor-animation-grow attachment-full size-full wp-image-436\" alt=\"\" \/><\/figure><div class=\"elementor-image-box-content\"><h3 class=\"elementor-image-box-title\">Trine Hjortebjerg<\/h3><p class=\"elementor-image-box-description\">L\u00e6rer (p\u00e5 orlov)<\/p><\/div><\/div>\t\t\t\t<\/div>\n\t\t\t\t<\/div>\n\t\t\t\t<div class=\"elementor-element elementor-element-59452e4 elementor-widget elementor-widget-text-editor\" data-id=\"59452e4\" data-element_type=\"widget\" data-e-type=\"widget\" data-widget_type=\"text-editor.default\">\n\t\t\t\t<div class=\"elementor-widget-container\">\n\t\t\t\t\t\t\t\t\t<p>Jeg blev f\u00e6rdiguddannet som l\u00e6rer i 2012 og har arbejdet p\u00e5 N\u00f8rre\u00e5 Friskole lige siden. Jeg underviser i fagene dansk og engelsk prim\u00e6rt i de \u00e6ldste klasser, men jeg har undervist p\u00e5 n\u00e6sten alle klassetrin. F\u00e6llesskab, tryghed og gl\u00e6de er n\u00f8gleord i mit arbejde, da jeg mener, at disse v\u00e6rdier ligger til grund for den bedste l\u00e6ring.\u00a0 Jeg br\u00e6nder for mine fag og nyder at \u00e5bne b\u00f8rnenes \u00f8jne op for fagenes mange aspekter. \u00a0Jeg er opvokset i Bjerringbro, men bor nu i Aarhus med min k\u00e6reste. Jeg interesserer mig for musik, litteratur og naturen. Min fritid bruges bl.a. p\u00e5 g\u00e5ture i skoven, cafeture og koncerter med mine veninder.<\/p>\t\t\t\t\t\t\t\t<\/div>\n\t\t\t\t<\/div>\n\t\t\t\t\t<\/div>\n\t\t<\/div>\n\t\t\t\t\t<\/div>\n\t\t<\/section>\n\t\t\t\t<section class=\"elementor-section elementor-inner-section elementor-element elementor-element-8cee638 elementor-section-boxed elementor-section-height-default elementor-section-height-default\" data-id=\"8cee638\" data-element_type=\"section\" data-e-type=\"section\">\n\t\t\t\t\t\t<div class=\"elementor-container elementor-column-gap-default\">\n\t\t\t\t\t<div class=\"aux-parallax-section elementor-column elementor-col-50 elementor-inner-column elementor-element elementor-element-2716e73\" data-id=\"2716e73\" data-element_type=\"column\" data-e-type=\"column\">\n\t\t\t<div class=\"elementor-widget-wrap elementor-element-populated\">\n\t\t\t\t\t\t<div class=\"elementor-element elementor-element-f940eca elementor-position-top elementor-widget elementor-widget-image-box\" data-id=\"f940eca\" data-element_type=\"widget\" data-e-type=\"widget\" data-widget_type=\"image-box.default\">\n\t\t\t\t<div class=\"elementor-widget-container\">\n\t\t\t\t\t<div class=\"elementor-image-box-wrapper\"><figure class=\"elementor-image-box-img\"><img loading=\"lazy\" decoding=\"async\" width=\"709\" height=\"886\" src=\"https:\/\/norrea.dk\/friskole\/wp-content\/uploads\/sites\/2\/2023\/06\/Rebecca-Persson.jpg\" class=\"elementor-animation-grow attachment-full size-full wp-image-587\" alt=\"\" \/><\/figure><div class=\"elementor-image-box-content\"><h3 class=\"elementor-image-box-title\">Rebecca Ask-Persson<\/h3><p class=\"elementor-image-box-description\">L\u00e6rer<\/p><\/div><\/div>\t\t\t\t<\/div>\n\t\t\t\t<\/div>\n\t\t\t\t\t<\/div>\n\t\t<\/div>\n\t\t\t\t<div class=\"aux-parallax-section elementor-column elementor-col-50 elementor-inner-column elementor-element elementor-element-b2da610\" data-id=\"b2da610\" data-element_type=\"column\" data-e-type=\"column\">\n\t\t\t<div class=\"elementor-widget-wrap elementor-element-populated\">\n\t\t\t\t\t\t<div class=\"elementor-element elementor-element-03e8e28 elementor-position-top elementor-widget elementor-widget-image-box\" data-id=\"03e8e28\" data-element_type=\"widget\" data-e-type=\"widget\" data-widget_type=\"image-box.default\">\n\t\t\t\t<div class=\"elementor-widget-container\">\n\t\t\t\t\t<div class=\"elementor-image-box-wrapper\"><figure class=\"elementor-image-box-img\"><img loading=\"lazy\" decoding=\"async\" width=\"709\" height=\"886\" src=\"https:\/\/norrea.dk\/friskole\/wp-content\/uploads\/sites\/2\/2023\/06\/Trine-Kuipers-Nielsen.jpg\" class=\"elementor-animation-grow attachment-full size-full wp-image-588\" alt=\"\" \/><\/figure><div class=\"elementor-image-box-content\"><h3 class=\"elementor-image-box-title\">Trine Kuipers Nielsen<\/h3><p class=\"elementor-image-box-description\">L\u00e6rer<\/p><\/div><\/div>\t\t\t\t<\/div>\n\t\t\t\t<\/div>\n\t\t\t\t<div class=\"elementor-element elementor-element-a1a8622 elementor-widget elementor-widget-text-editor\" data-id=\"a1a8622\" data-element_type=\"widget\" data-e-type=\"widget\" data-widget_type=\"text-editor.default\">\n\t\t\t\t<div class=\"elementor-widget-container\">\n\t\t\t\t\t\t\t\t\t<p>Jeg er uddannet dansk-, engelsk-, madkundskabs- og historiel\u00e6rer og blev f\u00e6rdiguddannet fra Aalborg Seminarium i 2009.<\/p><p>Som ung l\u00e6rer arbejdede jeg i udskolingen, hvor jeg har f\u00f8rt mange elever til afgangspr\u00f8ve i dansk, engelsk og historie.<\/p><p>Efter jeg fik b\u00f8rn, begyndte jeg at arbejde p\u00e5 mellemtrinnet .<\/p><p>Jeg har v\u00e6ret ansat siden april 2023 og elsker mit job b\u00e5de fagligt og socialt.<\/p><p>Privat:<br \/>Jeg bor i Suldrup, i det sydlige Himmerland, sammen med min mand og vores tre b\u00f8rn. I min fritid kan jeg bl.a. godt lide at v\u00e6re sammen med min familie, strikke, arbejde i haven, g\u00e5 ture, h\u00f8re lydb\u00f8ger og podcast.<\/p>\t\t\t\t\t\t\t\t<\/div>\n\t\t\t\t<\/div>\n\t\t\t\t\t<\/div>\n\t\t<\/div>\n\t\t\t\t\t<\/div>\n\t\t<\/section>\n\t\t\t\t<section class=\"elementor-section elementor-inner-section elementor-element elementor-element-3f1212c elementor-section-boxed elementor-section-height-default elementor-section-height-default\" data-id=\"3f1212c\" data-element_type=\"section\" data-e-type=\"section\">\n\t\t\t\t\t\t<div class=\"elementor-container elementor-column-gap-default\">\n\t\t\t\t\t<div class=\"aux-parallax-section elementor-column elementor-col-50 elementor-inner-column elementor-element elementor-element-fc875dd\" data-id=\"fc875dd\" data-element_type=\"column\" data-e-type=\"column\">\n\t\t\t<div class=\"elementor-widget-wrap elementor-element-populated\">\n\t\t\t\t\t\t<div class=\"elementor-element elementor-element-b4476ae elementor-position-top elementor-widget elementor-widget-image-box\" data-id=\"b4476ae\" data-element_type=\"widget\" data-e-type=\"widget\" data-widget_type=\"image-box.default\">\n\t\t\t\t<div class=\"elementor-widget-container\">\n\t\t\t\t\t<div class=\"elementor-image-box-wrapper\"><figure class=\"elementor-image-box-img\"><img loading=\"lazy\" decoding=\"async\" width=\"709\" height=\"886\" src=\"https:\/\/norrea.dk\/friskole\/wp-content\/uploads\/sites\/2\/2020\/10\/Helle-Kastberg.jpg\" class=\"elementor-animation-grow attachment-full size-full wp-image-397\" alt=\"\" \/><\/figure><div class=\"elementor-image-box-content\"><h3 class=\"elementor-image-box-title\">Helle Kastberg<\/h3><p class=\"elementor-image-box-description\">SFO<\/p><\/div><\/div>\t\t\t\t<\/div>\n\t\t\t\t<\/div>\n\t\t\t\t\t<\/div>\n\t\t<\/div>\n\t\t\t\t<div class=\"aux-parallax-section elementor-column elementor-col-50 elementor-inner-column elementor-element elementor-element-49eddcd\" data-id=\"49eddcd\" data-element_type=\"column\" data-e-type=\"column\">\n\t\t\t<div class=\"elementor-widget-wrap elementor-element-populated\">\n\t\t\t\t\t\t<div class=\"elementor-element elementor-element-77eca3b elementor-position-top elementor-widget elementor-widget-image-box\" data-id=\"77eca3b\" data-element_type=\"widget\" data-e-type=\"widget\" data-widget_type=\"image-box.default\">\n\t\t\t\t<div class=\"elementor-widget-container\">\n\t\t\t\t\t<div class=\"elementor-image-box-wrapper\"><figure class=\"elementor-image-box-img\"><img loading=\"lazy\" decoding=\"async\" width=\"665\" height=\"785\" src=\"https:\/\/norrea.dk\/friskole\/wp-content\/uploads\/sites\/2\/2020\/10\/Billede-er-paa-vej.jpg\" class=\"elementor-animation-grow attachment-full size-full wp-image-423\" alt=\"\" \/><\/figure><div class=\"elementor-image-box-content\"><h3 class=\"elementor-image-box-title\">Mette Buch Fyllgraf <\/h3><p class=\"elementor-image-box-description\">SFO<\/p><\/div><\/div>\t\t\t\t<\/div>\n\t\t\t\t<\/div>\n\t\t\t\t\t<\/div>\n\t\t<\/div>\n\t\t\t\t\t<\/div>\n\t\t<\/section>\n\t\t\t\t<section class=\"elementor-section elementor-inner-section elementor-element elementor-element-b5f9ab9 elementor-section-boxed elementor-section-height-default elementor-section-height-default\" data-id=\"b5f9ab9\" data-element_type=\"section\" data-e-type=\"section\">\n\t\t\t\t\t\t<div class=\"elementor-container elementor-column-gap-default\">\n\t\t\t\t\t<div class=\"aux-parallax-section elementor-column elementor-col-50 elementor-inner-column elementor-element elementor-element-d080741\" data-id=\"d080741\" data-element_type=\"column\" data-e-type=\"column\">\n\t\t\t<div class=\"elementor-widget-wrap elementor-element-populated\">\n\t\t\t\t\t\t<div class=\"elementor-element elementor-element-f469f52 elementor-position-top elementor-widget elementor-widget-image-box\" data-id=\"f469f52\" data-element_type=\"widget\" data-e-type=\"widget\" data-widget_type=\"image-box.default\">\n\t\t\t\t<div class=\"elementor-widget-container\">\n\t\t\t\t\t<div class=\"elementor-image-box-wrapper\"><figure class=\"elementor-image-box-img\"><img loading=\"lazy\" decoding=\"async\" width=\"1512\" height=\"2016\" src=\"https:\/\/norrea.dk\/friskole\/wp-content\/uploads\/sites\/2\/2023\/12\/IMG_0724.jpg\" class=\"elementor-animation-grow attachment-full size-full wp-image-600\" alt=\"\" srcset=\"https:\/\/norrea.dk\/friskole\/wp-content\/uploads\/sites\/2\/2023\/12\/IMG_0724.jpg 1512w, https:\/\/norrea.dk\/friskole\/wp-content\/uploads\/sites\/2\/2023\/12\/IMG_0724-1152x1536.jpg 1152w\" \/><\/figure><div class=\"elementor-image-box-content\"><h3 class=\"elementor-image-box-title\">John Mikkelsen<\/h3><p class=\"elementor-image-box-description\">Reng\u00f8ring \/ Pedel<\/p><\/div><\/div>\t\t\t\t<\/div>\n\t\t\t\t<\/div>\n\t\t\t\t\t<\/div>\n\t\t<\/div>\n\t\t\t\t<div class=\"aux-parallax-section elementor-column elementor-col-50 elementor-inner-column elementor-element elementor-element-a262c2c\" data-id=\"a262c2c\" data-element_type=\"column\" data-e-type=\"column\">\n\t\t\t<div class=\"elementor-widget-wrap elementor-element-populated\">\n\t\t\t\t\t\t<div class=\"elementor-element elementor-element-e557068 elementor-position-top elementor-widget elementor-widget-image-box\" data-id=\"e557068\" data-element_type=\"widget\" data-e-type=\"widget\" data-widget_type=\"image-box.default\">\n\t\t\t\t<div class=\"elementor-widget-container\">\n\t\t\t\t\t<div class=\"elementor-image-box-wrapper\"><figure class=\"elementor-image-box-img\"><img loading=\"lazy\" decoding=\"async\" width=\"665\" height=\"785\" src=\"https:\/\/norrea.dk\/friskole\/wp-content\/uploads\/sites\/2\/2020\/10\/Billede-er-paa-vej.jpg\" class=\"elementor-animation-grow attachment-full size-full wp-image-423\" alt=\"\" \/><\/figure><div class=\"elementor-image-box-content\"><h3 class=\"elementor-image-box-title\">Panalee Sutchachatwut<\/h3><p class=\"elementor-image-box-description\">Reng\u00f8ring<\/p><\/div><\/div>\t\t\t\t<\/div>\n\t\t\t\t<\/div>\n\t\t\t\t\t<\/div>\n\t\t<\/div>\n\t\t\t\t\t<\/div>\n\t\t<\/section>\n\t\t\t\t<section class=\"elementor-section elementor-inner-section elementor-element elementor-element-a75f6ec elementor-section-boxed elementor-section-height-default elementor-section-height-default\" data-id=\"a75f6ec\" data-element_type=\"section\" data-e-type=\"section\">\n\t\t\t\t\t\t<div class=\"elementor-container elementor-column-gap-default\">\n\t\t\t\t\t<div class=\"aux-parallax-section elementor-column elementor-col-50 elementor-inner-column elementor-element elementor-element-55ecb85\" data-id=\"55ecb85\" data-element_type=\"column\" data-e-type=\"column\">\n\t\t\t<div class=\"elementor-widget-wrap elementor-element-populated\">\n\t\t\t\t\t\t<div class=\"elementor-element elementor-element-4282dd6 elementor-position-top elementor-widget elementor-widget-image-box\" data-id=\"4282dd6\" data-element_type=\"widget\" data-e-type=\"widget\" data-widget_type=\"image-box.default\">\n\t\t\t\t<div class=\"elementor-widget-container\">\n\t\t\t\t\t<div class=\"elementor-image-box-wrapper\"><figure class=\"elementor-image-box-img\"><img loading=\"lazy\" decoding=\"async\" width=\"665\" height=\"785\" src=\"https:\/\/norrea.dk\/friskole\/wp-content\/uploads\/sites\/2\/2020\/10\/Billede-er-paa-vej.jpg\" class=\"elementor-animation-grow attachment-full size-full wp-image-423\" alt=\"\" \/><\/figure><div class=\"elementor-image-box-content\"><h3 class=\"elementor-image-box-title\">Jonna Munk Nielsen<\/h3><p class=\"elementor-image-box-description\">Reng\u00f8ring \/ vikar<\/p><\/div><\/div>\t\t\t\t<\/div>\n\t\t\t\t<\/div>\n\t\t\t\t\t<\/div>\n\t\t<\/div>\n\t\t\t\t<div class=\"aux-parallax-section elementor-column elementor-col-50 elementor-inner-column elementor-element elementor-element-0d4ac92\" data-id=\"0d4ac92\" data-element_type=\"column\" data-e-type=\"column\">\n\t\t\t<div class=\"elementor-widget-wrap elementor-element-populated\">\n\t\t\t\t\t\t\t<\/div>\n\t\t<\/div>\n\t\t\t\t\t<\/div>\n\t\t<\/section>\n\t\t\t\t<section class=\"elementor-section elementor-inner-section elementor-element elementor-element-0f90d44 elementor-section-boxed elementor-section-height-default elementor-section-height-default\" data-id=\"0f90d44\" data-element_type=\"section\" data-e-type=\"section\">\n\t\t\t\t\t\t<div class=\"elementor-container elementor-column-gap-default\">\n\t\t\t\t\t<div class=\"aux-parallax-section elementor-column elementor-col-50 elementor-inner-column elementor-element elementor-element-9ea2c9c\" data-id=\"9ea2c9c\" data-element_type=\"column\" data-e-type=\"column\">\n\t\t\t<div class=\"elementor-widget-wrap elementor-element-populated\">\n\t\t\t\t\t\t<div class=\"elementor-element elementor-element-0063e32 elementor-position-top elementor-widget elementor-widget-image-box\" data-id=\"0063e32\" data-element_type=\"widget\" data-e-type=\"widget\" data-widget_type=\"image-box.default\">\n\t\t\t\t<div class=\"elementor-widget-container\">\n\t\t\t\t\t<div class=\"elementor-image-box-wrapper\"><figure class=\"elementor-image-box-img\"><img loading=\"lazy\" decoding=\"async\" width=\"665\" height=\"785\" src=\"https:\/\/norrea.dk\/friskole\/wp-content\/uploads\/sites\/2\/2020\/10\/Billede-er-paa-vej.jpg\" class=\"elementor-animation-grow attachment-full size-full wp-image-423\" alt=\"\" \/><\/figure><div class=\"elementor-image-box-content\"><h3 class=\"elementor-image-box-title\"> Poul Almind<\/h3><p class=\"elementor-image-box-description\">Pedel medhj\u00e6lper<\/p><\/div><\/div>\t\t\t\t<\/div>\n\t\t\t\t<\/div>\n\t\t\t\t\t<\/div>\n\t\t<\/div>\n\t\t\t\t<div class=\"aux-parallax-section elementor-column elementor-col-50 elementor-inner-column elementor-element elementor-element-a7e4f06\" data-id=\"a7e4f06\" data-element_type=\"column\" data-e-type=\"column\">\n\t\t\t<div class=\"elementor-widget-wrap elementor-element-populated\">\n\t\t\t\t\t\t<div class=\"elementor-element elementor-element-5c65861 elementor-position-top elementor-widget elementor-widget-image-box\" data-id=\"5c65861\" data-element_type=\"widget\" data-e-type=\"widget\" data-widget_type=\"image-box.default\">\n\t\t\t\t<div class=\"elementor-widget-container\">\n\t\t\t\t\t<div class=\"elementor-image-box-wrapper\"><figure class=\"elementor-image-box-img\"><img loading=\"lazy\" decoding=\"async\" width=\"709\" height=\"886\" src=\"https:\/\/norrea.dk\/friskole\/wp-content\/uploads\/sites\/2\/2022\/10\/Pernille.jpg\" class=\"elementor-animation-grow attachment-full size-full wp-image-513\" alt=\"\" \/><\/figure><div class=\"elementor-image-box-content\"><h3 class=\"elementor-image-box-title\">Pernille Lund<\/h3><p class=\"elementor-image-box-description\">Sekret\u00e6r <\/p><\/div><\/div>\t\t\t\t<\/div>\n\t\t\t\t<\/div>\n\t\t\t\t\t<\/div>\n\t\t<\/div>\n\t\t\t\t\t<\/div>\n\t\t<\/section>\n\t\t\t\t\t<\/div>\n\t\t<\/div>\n\t\t\t\t\t<\/div>\n\t\t<\/section>\n\t\t\t\t<\/div>\n\t\t","protected":false},"excerpt":{"rendered":"<p>Personalet p\u00e5 N\u00f8rre\u00e5 Friskole P\u00e5 N\u00f8rre\u00e5 Friskole har vi en engageret personalegruppe, der g\u00f8r et stort stykke arbejde for at f\u00e5 dagligdagen til at fungere. Corinna Breitzke Skoleleder Det er en stor gl\u00e6de og \u00e6re for mig at v\u00e6re leder for dette helt unikke sted fyldt af hjerterum, faglighed og be-v\u00e6gelse. Som l\u00e6rer for alle [&hellip;]<\/p>\n","protected":false},"author":1,"featured_media":0,"parent":0,"menu_order":12,"comment_status":"closed","ping_status":"closed","template":"","meta":{"ngg_post_thumbnail":0,"footnotes":""},"class_list":["post-134","page","type-page","status-publish","hentry"],"yoast_head":"<!-- This site is optimized with the Yoast SEO plugin v27.5 - https:\/\/yoast.com\/product\/yoast-seo-wordpress\/ -->\n<title>Personale Friskole - N\u00f8rre\u00e5 Friskole<\/title>\n<meta name=\"robots\" content=\"index, follow, max-snippet:-1, max-image-preview:large, max-video-preview:-1\" \/>\n<link rel=\"canonical\" href=\"https:\/\/norrea.dk\/friskole\/personale-friskole\/\" \/>\n<meta property=\"og:locale\" content=\"da_DK\" \/>\n<meta property=\"og:type\" content=\"article\" \/>\n<meta property=\"og:title\" content=\"Personale Friskole - N\u00f8rre\u00e5 Friskole\" \/>\n<meta property=\"og:description\" content=\"Personalet p\u00e5 N\u00f8rre\u00e5 Friskole P\u00e5 N\u00f8rre\u00e5 Friskole har vi en engageret personalegruppe, der g\u00f8r et stort stykke arbejde for at f\u00e5 dagligdagen til at fungere. Corinna Breitzke Skoleleder Det er en stor gl\u00e6de og \u00e6re for mig at v\u00e6re leder for dette helt unikke sted fyldt af hjerterum, faglighed og be-v\u00e6gelse. Som l\u00e6rer for alle [&hellip;]\" \/>\n<meta property=\"og:url\" content=\"https:\/\/norrea.dk\/friskole\/personale-friskole\/\" \/>\n<meta property=\"og:site_name\" content=\"N\u00f8rre\u00e5 Friskole\" \/>\n<meta property=\"article:modified_time\" content=\"2026-01-10T16:58:56+00:00\" \/>\n<meta property=\"og:image\" content=\"https:\/\/norrea.dk\/friskole\/wp-content\/uploads\/sites\/2\/2020\/10\/Corinna-Breitzke.jpg\" \/>\n\t<meta property=\"og:image:width\" content=\"709\" \/>\n\t<meta property=\"og:image:height\" content=\"886\" \/>\n\t<meta property=\"og:image:type\" content=\"image\/jpeg\" \/>\n<meta name=\"twitter:card\" content=\"summary_large_image\" \/>\n<meta name=\"twitter:label1\" content=\"Estimeret l\u00e6setid\" \/>\n\t<meta name=\"twitter:data1\" content=\"13 minutter\" \/>\n<script type=\"application\/ld+json\" class=\"yoast-schema-graph\">{\"@context\":\"https:\\\/\\\/schema.org\",\"@graph\":[{\"@type\":\"WebPage\",\"@id\":\"https:\\\/\\\/norrea.dk\\\/friskole\\\/personale-friskole\\\/\",\"url\":\"https:\\\/\\\/norrea.dk\\\/friskole\\\/personale-friskole\\\/\",\"name\":\"Personale Friskole - N\u00f8rre\u00e5 Friskole\",\"isPartOf\":{\"@id\":\"https:\\\/\\\/norrea.dk\\\/friskole\\\/#website\"},\"primaryImageOfPage\":{\"@id\":\"https:\\\/\\\/norrea.dk\\\/friskole\\\/personale-friskole\\\/#primaryimage\"},\"image\":{\"@id\":\"https:\\\/\\\/norrea.dk\\\/friskole\\\/personale-friskole\\\/#primaryimage\"},\"thumbnailUrl\":\"https:\\\/\\\/norrea.dk\\\/friskole\\\/wp-content\\\/uploads\\\/sites\\\/2\\\/2020\\\/10\\\/Corinna-Breitzke.jpg\",\"datePublished\":\"2020-04-01T13:25:53+00:00\",\"dateModified\":\"2026-01-10T16:58:56+00:00\",\"breadcrumb\":{\"@id\":\"https:\\\/\\\/norrea.dk\\\/friskole\\\/personale-friskole\\\/#breadcrumb\"},\"inLanguage\":\"da-DK\",\"potentialAction\":[{\"@type\":\"ReadAction\",\"target\":[\"https:\\\/\\\/norrea.dk\\\/friskole\\\/personale-friskole\\\/\"]}]},{\"@type\":\"ImageObject\",\"inLanguage\":\"da-DK\",\"@id\":\"https:\\\/\\\/norrea.dk\\\/friskole\\\/personale-friskole\\\/#primaryimage\",\"url\":\"https:\\\/\\\/norrea.dk\\\/friskole\\\/wp-content\\\/uploads\\\/sites\\\/2\\\/2020\\\/10\\\/Corinna-Breitzke.jpg\",\"contentUrl\":\"https:\\\/\\\/norrea.dk\\\/friskole\\\/wp-content\\\/uploads\\\/sites\\\/2\\\/2020\\\/10\\\/Corinna-Breitzke.jpg\",\"width\":709,\"height\":886},{\"@type\":\"BreadcrumbList\",\"@id\":\"https:\\\/\\\/norrea.dk\\\/friskole\\\/personale-friskole\\\/#breadcrumb\",\"itemListElement\":[{\"@type\":\"ListItem\",\"position\":1,\"name\":\"Hjem\",\"item\":\"https:\\\/\\\/norrea.dk\\\/friskole\\\/\"},{\"@type\":\"ListItem\",\"position\":2,\"name\":\"Personale Friskole\"}]},{\"@type\":\"WebSite\",\"@id\":\"https:\\\/\\\/norrea.dk\\\/friskole\\\/#website\",\"url\":\"https:\\\/\\\/norrea.dk\\\/friskole\\\/\",\"name\":\"N\u00f8rre\u00e5 Friskole\",\"description\":\"0. - 9. klasse, SFO\",\"publisher\":{\"@id\":\"https:\\\/\\\/norrea.dk\\\/friskole\\\/#organization\"},\"potentialAction\":[{\"@type\":\"SearchAction\",\"target\":{\"@type\":\"EntryPoint\",\"urlTemplate\":\"https:\\\/\\\/norrea.dk\\\/friskole\\\/?s={search_term_string}\"},\"query-input\":{\"@type\":\"PropertyValueSpecification\",\"valueRequired\":true,\"valueName\":\"search_term_string\"}}],\"inLanguage\":\"da-DK\"},{\"@type\":\"Organization\",\"@id\":\"https:\\\/\\\/norrea.dk\\\/friskole\\\/#organization\",\"name\":\"N\u00f8rre\u00e5 Friskole\",\"url\":\"https:\\\/\\\/norrea.dk\\\/friskole\\\/\",\"logo\":{\"@type\":\"ImageObject\",\"inLanguage\":\"da-DK\",\"@id\":\"https:\\\/\\\/norrea.dk\\\/friskole\\\/#\\\/schema\\\/logo\\\/image\\\/\",\"url\":\"https:\\\/\\\/norrea.dk\\\/friskole\\\/wp-content\\\/uploads\\\/sites\\\/2\\\/2020\\\/03\\\/cropped-logo_portal.png\",\"contentUrl\":\"https:\\\/\\\/norrea.dk\\\/friskole\\\/wp-content\\\/uploads\\\/sites\\\/2\\\/2020\\\/03\\\/cropped-logo_portal.png\",\"width\":283,\"height\":215,\"caption\":\"N\u00f8rre\u00e5 Friskole\"},\"image\":{\"@id\":\"https:\\\/\\\/norrea.dk\\\/friskole\\\/#\\\/schema\\\/logo\\\/image\\\/\"}}]}<\/script>\n<!-- \/ Yoast SEO plugin. -->","yoast_head_json":{"title":"Personale Friskole - N\u00f8rre\u00e5 Friskole","robots":{"index":"index","follow":"follow","max-snippet":"max-snippet:-1","max-image-preview":"max-image-preview:large","max-video-preview":"max-video-preview:-1"},"canonical":"https:\/\/norrea.dk\/friskole\/personale-friskole\/","og_locale":"da_DK","og_type":"article","og_title":"Personale Friskole - N\u00f8rre\u00e5 Friskole","og_description":"Personalet p\u00e5 N\u00f8rre\u00e5 Friskole P\u00e5 N\u00f8rre\u00e5 Friskole har vi en engageret personalegruppe, der g\u00f8r et stort stykke arbejde for at f\u00e5 dagligdagen til at fungere. Corinna Breitzke Skoleleder Det er en stor gl\u00e6de og \u00e6re for mig at v\u00e6re leder for dette helt unikke sted fyldt af hjerterum, faglighed og be-v\u00e6gelse. Som l\u00e6rer for alle [&hellip;]","og_url":"https:\/\/norrea.dk\/friskole\/personale-friskole\/","og_site_name":"N\u00f8rre\u00e5 Friskole","article_modified_time":"2026-01-10T16:58:56+00:00","og_image":[{"width":709,"height":886,"url":"https:\/\/norrea.dk\/friskole\/wp-content\/uploads\/sites\/2\/2020\/10\/Corinna-Breitzke.jpg","type":"image\/jpeg"}],"twitter_card":"summary_large_image","twitter_misc":{"Estimeret l\u00e6setid":"13 minutter"},"schema":{"@context":"https:\/\/schema.org","@graph":[{"@type":"WebPage","@id":"https:\/\/norrea.dk\/friskole\/personale-friskole\/","url":"https:\/\/norrea.dk\/friskole\/personale-friskole\/","name":"Personale Friskole - N\u00f8rre\u00e5 Friskole","isPartOf":{"@id":"https:\/\/norrea.dk\/friskole\/#website"},"primaryImageOfPage":{"@id":"https:\/\/norrea.dk\/friskole\/personale-friskole\/#primaryimage"},"image":{"@id":"https:\/\/norrea.dk\/friskole\/personale-friskole\/#primaryimage"},"thumbnailUrl":"https:\/\/norrea.dk\/friskole\/wp-content\/uploads\/sites\/2\/2020\/10\/Corinna-Breitzke.jpg","datePublished":"2020-04-01T13:25:53+00:00","dateModified":"2026-01-10T16:58:56+00:00","breadcrumb":{"@id":"https:\/\/norrea.dk\/friskole\/personale-friskole\/#breadcrumb"},"inLanguage":"da-DK","potentialAction":[{"@type":"ReadAction","target":["https:\/\/norrea.dk\/friskole\/personale-friskole\/"]}]},{"@type":"ImageObject","inLanguage":"da-DK","@id":"https:\/\/norrea.dk\/friskole\/personale-friskole\/#primaryimage","url":"https:\/\/norrea.dk\/friskole\/wp-content\/uploads\/sites\/2\/2020\/10\/Corinna-Breitzke.jpg","contentUrl":"https:\/\/norrea.dk\/friskole\/wp-content\/uploads\/sites\/2\/2020\/10\/Corinna-Breitzke.jpg","width":709,"height":886},{"@type":"BreadcrumbList","@id":"https:\/\/norrea.dk\/friskole\/personale-friskole\/#breadcrumb","itemListElement":[{"@type":"ListItem","position":1,"name":"Hjem","item":"https:\/\/norrea.dk\/friskole\/"},{"@type":"ListItem","position":2,"name":"Personale Friskole"}]},{"@type":"WebSite","@id":"https:\/\/norrea.dk\/friskole\/#website","url":"https:\/\/norrea.dk\/friskole\/","name":"N\u00f8rre\u00e5 Friskole","description":"0. - 9. klasse, SFO","publisher":{"@id":"https:\/\/norrea.dk\/friskole\/#organization"},"potentialAction":[{"@type":"SearchAction","target":{"@type":"EntryPoint","urlTemplate":"https:\/\/norrea.dk\/friskole\/?s={search_term_string}"},"query-input":{"@type":"PropertyValueSpecification","valueRequired":true,"valueName":"search_term_string"}}],"inLanguage":"da-DK"},{"@type":"Organization","@id":"https:\/\/norrea.dk\/friskole\/#organization","name":"N\u00f8rre\u00e5 Friskole","url":"https:\/\/norrea.dk\/friskole\/","logo":{"@type":"ImageObject","inLanguage":"da-DK","@id":"https:\/\/norrea.dk\/friskole\/#\/schema\/logo\/image\/","url":"https:\/\/norrea.dk\/friskole\/wp-content\/uploads\/sites\/2\/2020\/03\/cropped-logo_portal.png","contentUrl":"https:\/\/norrea.dk\/friskole\/wp-content\/uploads\/sites\/2\/2020\/03\/cropped-logo_portal.png","width":283,"height":215,"caption":"N\u00f8rre\u00e5 Friskole"},"image":{"@id":"https:\/\/norrea.dk\/friskole\/#\/schema\/logo\/image\/"}}]}},"amp_enabled":true,"_links":{"self":[{"href":"https:\/\/norrea.dk\/friskole\/wp-json\/wp\/v2\/pages\/134","targetHints":{"allow":["GET"]}}],"collection":[{"href":"https:\/\/norrea.dk\/friskole\/wp-json\/wp\/v2\/pages"}],"about":[{"href":"https:\/\/norrea.dk\/friskole\/wp-json\/wp\/v2\/types\/page"}],"author":[{"embeddable":true,"href":"https:\/\/norrea.dk\/friskole\/wp-json\/wp\/v2\/users\/1"}],"replies":[{"embeddable":true,"href":"https:\/\/norrea.dk\/friskole\/wp-json\/wp\/v2\/comments?post=134"}],"version-history":[{"count":113,"href":"https:\/\/norrea.dk\/friskole\/wp-json\/wp\/v2\/pages\/134\/revisions"}],"predecessor-version":[{"id":711,"href":"https:\/\/norrea.dk\/friskole\/wp-json\/wp\/v2\/pages\/134\/revisions\/711"}],"wp:attachment":[{"href":"https:\/\/norrea.dk\/friskole\/wp-json\/wp\/v2\/media?parent=134"}],"curies":[{"name":"wp","href":"https:\/\/api.w.org\/{rel}","templated":true}]}}